{"id":12924,"date":"2023-12-18T22:52:40","date_gmt":"2023-12-18T21:52:40","guid":{"rendered":"https:\/\/www.trans-textil.de\/home_covestro\/"},"modified":"2023-12-18T22:52:40","modified_gmt":"2023-12-18T21:52:40","slug":"home_covestro","status":"publish","type":"page","link":"https:\/\/www.trans-textil.de\/en\/home_covestro\/","title":{"rendered":"Home Covestro"},"content":{"rendered":"<section class=\"l-section wpb_row us_custom_0e3717cb height_auto color_primary with_shape\"><div class=\"l-section-shape type_custom pos_top\" style=\"height:15vmin;color:\"><svg xmlns=\"http:\/\/www.w3.org\/2000\/svg\" viewBox=\"0 0 64 8\" preserveAspectRatio=\"none\" width=\"100%\" height=\"100%\">\r\n\t<path fill=\"currentColor\" d=\"M64 8 L0 8 L0 0 L64 0 Z\"\/>\r\n<\/svg><\/div><div class=\"l-section-h i-cf\"><div class=\"g-cols vc_row via_flex valign_top type_default stacking_default\"><div class=\"vc_col-sm-12 wpb_column vc_column_container\"><div class=\"vc_column-inner us_custom_5c78258c\"><div class=\"wpb_wrapper\"><\/div><\/div><\/div><\/div><\/div><\/section><section class=\"l-section wpb_row height_auto\"><div class=\"l-section-h i-cf\"><div class=\"g-cols vc_row via_flex valign_middle type_default stacking_default\"><div class=\"vc_col-sm-12 wpb_column vc_column_container has_text_color has_bg_color\"><div class=\"vc_column-inner us_custom_f8722ad4\"><div class=\"wpb_wrapper\"><div class=\"w-image align_center us_animate_fade\"><a ref=\"magnificPopup\" href=\"https:\/\/www.trans-textil.de\/wp-content\/uploads\/2021\/05\/tt_welt-2.jpg\" aria-label=\"tt_welt\" class=\"w-image-h\"><img decoding=\"async\" width=\"1900\" height=\"1344\" src=\"https:\/\/www.trans-textil.de\/wp-content\/uploads\/2021\/05\/tt_welt-2.jpg\" class=\"attachment-full size-full\" alt=\"\" loading=\"lazy\" srcset=\"https:\/\/www.trans-textil.de\/wp-content\/uploads\/2021\/05\/tt_welt-2.jpg 1900w, https:\/\/www.trans-textil.de\/wp-content\/uploads\/2021\/05\/tt_welt-2-300x212.jpg 300w, https:\/\/www.trans-textil.de\/wp-content\/uploads\/2021\/05\/tt_welt-2-1024x724.jpg 1024w, https:\/\/www.trans-textil.de\/wp-content\/uploads\/2021\/05\/tt_welt-2-254x180.jpg 254w, https:\/\/www.trans-textil.de\/wp-content\/uploads\/2021\/05\/tt_welt-2-565x400.jpg 565w, https:\/\/www.trans-textil.de\/wp-content\/uploads\/2021\/05\/tt_welt-2-400x283.jpg 400w, https:\/\/www.trans-textil.de\/wp-content\/uploads\/2021\/05\/tt_welt-2-424x300.jpg 424w, https:\/\/www.trans-textil.de\/wp-content\/uploads\/2021\/05\/tt_welt-2-150x106.jpg 150w, https:\/\/www.trans-textil.de\/wp-content\/uploads\/2021\/05\/tt_welt-2-200x141.jpg 200w, https:\/\/www.trans-textil.de\/wp-content\/uploads\/2021\/05\/tt_welt-2-100x71.jpg 100w, https:\/\/www.trans-textil.de\/wp-content\/uploads\/2021\/05\/tt_welt-2-600x424.jpg 600w, https:\/\/www.trans-textil.de\/wp-content\/uploads\/2021\/05\/tt_welt-2-707x500.jpg 707w, https:\/\/www.trans-textil.de\/wp-content\/uploads\/2021\/05\/tt_welt-2-175x124.jpg 175w\" sizes=\"auto, (max-width: 1900px) 100vw, 1900px\" \/><\/a><\/div><\/div><\/div><\/div><\/div><\/div><\/section><section class=\"l-section wpb_row height_auto\"><div class=\"l-section-h i-cf\"><div class=\"g-cols vc_row via_flex valign_top type_default stacking_default\"><div class=\"vc_col-sm-12 wpb_column vc_column_container has_text_color\"><div class=\"vc_column-inner us_custom_95ebd667\"><div class=\"wpb_wrapper\"><div class=\"w-separator size_medium\"><\/div><\/div><\/div><\/div><\/div><\/div><\/section><section class=\"l-section wpb_row height_auto\"><div class=\"l-section-h i-cf\"><div class=\"g-cols vc_row via_flex valign_top type_default stacking_default\"><div class=\"vc_col-sm-12 wpb_column vc_column_container has_text_color\"><div class=\"vc_column-inner us_custom_95ebd667\"><div class=\"wpb_wrapper\"><div class=\"w-separator size_small with_line width_default thick_2 style_solid color_primary align_center\"><div class=\"w-separator-h\"><\/div><\/div><\/div><\/div><\/div><\/div><\/div><\/section><section class=\"l-section wpb_row height_auto\"><div class=\"l-section-h i-cf\"><div class=\"g-cols vc_row via_flex valign_top type_default stacking_default\"><div class=\"vc_col-sm-8 wpb_column vc_column_container has_text_color\"><div class=\"vc_column-inner us_custom_95ebd667\"><div class=\"wpb_wrapper\"><div class=\"wpb_text_column us_custom_1f257949\"><div class=\"wpb_wrapper\"><h2 style=\"text-align: left;\"><span style=\"color: #8c111f;\">AQUAIR<sup>\u00ae \u2013<\/sup> das atmungsaktive Kunstleder auf w\u00e4ssriger Basis <\/span><\/h2>\n<\/div><\/div><\/div><\/div><\/div><div class=\"vc_col-sm-4 wpb_column vc_column_container\"><div class=\"vc_column-inner\"><div class=\"wpb_wrapper\"><div class=\"w-image align_none\"><div class=\"w-image-h\"><img decoding=\"async\" width=\"400\" height=\"300\" src=\"https:\/\/www.trans-textil.de\/wp-content\/uploads\/2023\/12\/tt_aquair_ohne_claim.svg\" class=\"attachment-us_400_300 size-us_400_300\" alt=\"\" loading=\"lazy\" \/><\/div><\/div><\/div><\/div><\/div><\/div><\/div><\/section><section class=\"l-section wpb_row height_small\"><div class=\"l-section-h i-cf\"><div class=\"g-cols vc_row via_flex valign_top type_default stacking_default\"><div class=\"vc_col-sm-6 wpb_column vc_column_container has_text_color\"><div class=\"vc_column-inner us_custom_6df4bc3a\"><div class=\"wpb_wrapper\"><div class=\"wpb_text_column\"><div class=\"wpb_wrapper\"><h6><span style=\"color: #000000;\">Komponenten auf rein w\u00e4ssriger Basis sind Ausgangspunkt f\u00fcr AQUAIR<sup>\u00ae<\/sup>, das hochatmungsaktive Kunstleder von Trans-Textil. Bei der Herstellung verzichten wir vollst\u00e4ndig auf die Verwendung organischer L\u00f6semittel. Wasserbasierte Rezepturen sind so die Grundlage f\u00fcr einen deutlich reduzierten \u00f6kologischen Fu\u00dfabdruck im gesamten Lebenszyklus sowie f\u00fcr eine reduzierte Belastung f\u00fcr Mensch und Umwelt.<\/span><\/h6>\n<h6><span style=\"color: #ff0000;\"><a class=\"link\" style=\"color: #ff0000;\" href=\"https:\/\/www.trans-textil.de\/technologie\/membransysteme\/aquair\/\" rel=\"noopener\">\u00bb mehr Informationen<\/a><\/span><\/h6>\n<h6><img loading=\"lazy\" decoding=\"async\" class=\"alignnone wp-image-8440 size-us_400_300\" src=\"https:\/\/www.trans-textil.de\/wp-content\/uploads\/2021\/02\/tt_made-in-germany_farbig_print-400x40.png\" alt=\"\" width=\"400\" height=\"40\" srcset=\"https:\/\/www.trans-textil.de\/wp-content\/uploads\/2021\/02\/tt_made-in-germany_farbig_print-e1613106502166-400x40.png 400w, https:\/\/www.trans-textil.de\/wp-content\/uploads\/2021\/02\/tt_made-in-germany_farbig_print-e1613106502166-300x30.png 300w, https:\/\/www.trans-textil.de\/wp-content\/uploads\/2021\/02\/tt_made-in-germany_farbig_print-1024x101.png 1024w, https:\/\/www.trans-textil.de\/wp-content\/uploads\/2021\/02\/tt_made-in-germany_farbig_print-e1613106502166-600x59.png 600w, https:\/\/www.trans-textil.de\/wp-content\/uploads\/2021\/02\/tt_made-in-germany_farbig_print-e1613106502166-500x49.png 500w, https:\/\/www.trans-textil.de\/wp-content\/uploads\/2021\/02\/tt_made-in-germany_farbig_print-e1613106502166-150x15.png 150w, https:\/\/www.trans-textil.de\/wp-content\/uploads\/2021\/02\/tt_made-in-germany_farbig_print-e1613106502166-200x20.png 200w, https:\/\/www.trans-textil.de\/wp-content\/uploads\/2021\/02\/tt_made-in-germany_farbig_print-e1613106502166-800x79.png 800w, https:\/\/www.trans-textil.de\/wp-content\/uploads\/2021\/02\/tt_made-in-germany_farbig_print-e1613106502166-100x10.png 100w, https:\/\/www.trans-textil.de\/wp-content\/uploads\/2021\/02\/tt_made-in-germany_farbig_print-e1613106502166-175x17.png 175w\" sizes=\"auto, (max-width: 400px) 100vw, 400px\" \/><\/h6>\n<\/div><\/div><\/div><\/div><\/div><div class=\"vc_col-sm-6 wpb_column vc_column_container has_text_color\"><div class=\"vc_column-inner us_custom_95ebd667\"><div class=\"wpb_wrapper\"><div class=\"w-image align_center\"><a ref=\"magnificPopup\" href=\"https:\/\/www.trans-textil.de\/wp-content\/uploads\/2022\/03\/aquair_vegan-1.jpg\" aria-label=\"aquair_vegan\" class=\"w-image-h\"><img decoding=\"async\" width=\"800\" height=\"600\" src=\"https:\/\/www.trans-textil.de\/wp-content\/uploads\/2022\/03\/aquair_vegan-1.jpg\" class=\"attachment-full size-full\" alt=\"\" loading=\"lazy\" srcset=\"https:\/\/www.trans-textil.de\/wp-content\/uploads\/2022\/03\/aquair_vegan-1.jpg 800w, https:\/\/www.trans-textil.de\/wp-content\/uploads\/2022\/03\/aquair_vegan-1-300x225.jpg 300w, https:\/\/www.trans-textil.de\/wp-content\/uploads\/2022\/03\/aquair_vegan-1-240x180.jpg 240w, https:\/\/www.trans-textil.de\/wp-content\/uploads\/2022\/03\/aquair_vegan-1-533x400.jpg 533w, https:\/\/www.trans-textil.de\/wp-content\/uploads\/2022\/03\/aquair_vegan-1-400x300.jpg 400w, https:\/\/www.trans-textil.de\/wp-content\/uploads\/2022\/03\/aquair_vegan-1-150x113.jpg 150w, https:\/\/www.trans-textil.de\/wp-content\/uploads\/2022\/03\/aquair_vegan-1-200x150.jpg 200w, https:\/\/www.trans-textil.de\/wp-content\/uploads\/2022\/03\/aquair_vegan-1-100x75.jpg 100w, https:\/\/www.trans-textil.de\/wp-content\/uploads\/2022\/03\/aquair_vegan-1-600x450.jpg 600w, https:\/\/www.trans-textil.de\/wp-content\/uploads\/2022\/03\/aquair_vegan-1-667x500.jpg 667w, https:\/\/www.trans-textil.de\/wp-content\/uploads\/2022\/03\/aquair_vegan-1-120x90.jpg 120w, https:\/\/www.trans-textil.de\/wp-content\/uploads\/2022\/03\/aquair_vegan-1-175x131.jpg 175w\" sizes=\"auto, (max-width: 800px) 100vw, 800px\" \/><\/a><\/div><\/div><\/div><\/div><\/div><\/div><\/section><section class=\"l-section wpb_row height_auto\"><div class=\"l-section-h i-cf\"><div class=\"g-cols vc_row via_flex valign_top type_default stacking_default\"><div class=\"vc_col-sm-12 wpb_column vc_column_container has_text_color\"><div class=\"vc_column-inner us_custom_95ebd667\"><div class=\"wpb_wrapper\"><div class=\"w-separator size_small with_line width_default thick_2 style_solid color_primary align_center\"><div class=\"w-separator-h\"><\/div><\/div><\/div><\/div><\/div><\/div><\/div><\/section><section class=\"l-section wpb_row height_custom parallax_ver\" id=\"second\"><div class=\"l-section-h i-cf\"><div class=\"g-cols vc_row via_flex valign_top type_default stacking_default\"><div class=\"vc_col-sm-9 wpb_column vc_column_container\"><div class=\"vc_column-inner\"><div class=\"wpb_wrapper\"><div class=\"w-grid us_grid type_grid layout_8327 cols_2 overflow_hidden preload_style_spinner\" id=\"us_grid_1\" style=\"--columns:2;--gap:1.5rem;\" data-filterable=\"true\"><style>@media (max-width:600px){#us_grid_1{--columns:1!important}}.layout_8327 .w-grid-item-h{background:var(--color-content-bg);color:var(--color-content-text);border-radius:0.3rem;box-shadow:0 0.03rem 0.06rem rgba(0,0,0,0.1),0 0.1rem 0.3rem rgba(0,0,0,0.1);transition-duration:0.3s}.no-touch .layout_8327 .w-grid-item-h:hover{box-shadow:0 0.1rem 0.2rem rgba(0,0,0,0.1),0 0.33rem 1rem rgba(0,0,0,0.15);z-index:4}.layout_8327 .usg_post_title_1{color:var(--color-content-link-hover)!important;font-weight:700!important;font-size:1.4rem!important}.layout_8327 .usg_vwrapper_1{padding:9% 11% 11% 11%!important}.layout_8327 .usg_hwrapper_1{color:var(--color-content-faded)!important;font-size:0.9rem!important}@media (max-width:600px){.layout_8327 .usg_post_title_1{font-size:1.2rem!important}}<\/style><div class=\"w-grid-list\">\t<article class=\"w-grid-item size_1x1 post-14013 post type-post status-publish format-standard has-post-thumbnail hentry category-uncategorized\" data-id=\"14013\">\r\n\t\t<div class=\"w-grid-item-h\">\r\n\t\t\t\t\t\t<div class=\"w-post-elm post_image usg_post_image_1 stretched\"><a href=\"https:\/\/www.trans-textil.de\/en\/pre-qualified-company\/\" aria-label=\"Pre-qualified company\"><img loading=\"lazy\" decoding=\"async\" width=\"800\" height=\"448\" src=\"https:\/\/www.trans-textil.de\/wp-content\/uploads\/2026\/04\/avpq.jpg\" class=\"attachment-large size-large wp-post-image\" alt=\"\" srcset=\"https:\/\/www.trans-textil.de\/wp-content\/uploads\/2026\/04\/avpq.jpg 800w, https:\/\/www.trans-textil.de\/wp-content\/uploads\/2026\/04\/avpq-300x168.jpg 300w, https:\/\/www.trans-textil.de\/wp-content\/uploads\/2026\/04\/avpq-600x336.jpg 600w, https:\/\/www.trans-textil.de\/wp-content\/uploads\/2026\/04\/avpq-400x224.jpg 400w, https:\/\/www.trans-textil.de\/wp-content\/uploads\/2026\/04\/avpq-500x280.jpg 500w, https:\/\/www.trans-textil.de\/wp-content\/uploads\/2026\/04\/avpq-150x84.jpg 150w, https:\/\/www.trans-textil.de\/wp-content\/uploads\/2026\/04\/avpq-200x112.jpg 200w, https:\/\/www.trans-textil.de\/wp-content\/uploads\/2026\/04\/avpq-100x56.jpg 100w, https:\/\/www.trans-textil.de\/wp-content\/uploads\/2026\/04\/avpq-120x67.jpg 120w, https:\/\/www.trans-textil.de\/wp-content\/uploads\/2026\/04\/avpq-250x140.jpg 250w, https:\/\/www.trans-textil.de\/wp-content\/uploads\/2026\/04\/avpq-175x98.jpg 175w\" sizes=\"auto, (max-width: 800px) 100vw, 800px\" \/><\/a><\/div><div class=\"w-vwrapper usg_vwrapper_1 align_left valign_top\" style=\"--vwrapper-gap:0.7rem\"><h2 class=\"w-post-elm post_title usg_post_title_1 has_text_color entry-title color_link_inherit\"><a href=\"https:\/\/www.trans-textil.de\/en\/pre-qualified-company\/\">Pre-qualified company<\/a><\/h2><div class=\"w-hwrapper usg_hwrapper_1 has_text_color align_left valign_top wrap\" style=\"--hwrapper-gap:1.2rem\"><time class=\"w-post-elm post_date usg_post_date_1 entry-date published\" datetime=\"2026-04-14T23:17:06+02:00\">14. April 2026<\/time><\/div><div class=\"w-post-elm post_content usg_post_content_1\">With the status as a pre-qualified company, the Chamber of&hellip;<\/div><\/div>\t\t<\/div>\r\n\t\t\t<\/article>\r\n\t<article class=\"w-grid-item size_1x1 post-14017 post type-post status-publish format-standard has-post-thumbnail hentry category-uncategorized\" data-id=\"14017\">\r\n\t\t<div class=\"w-grid-item-h\">\r\n\t\t\t\t\t\t<div class=\"w-post-elm post_image usg_post_image_1 stretched\"><a href=\"https:\/\/www.trans-textil.de\/en\/contract-textile-finishing-renewed-certification-in-accordance-with-standard-100-by-oeko-tex\/\" aria-label=\"Contract textile finishing: renewed certification in accordance with STANDARD 100 by OEKO-TEX\u00ae\"><img loading=\"lazy\" decoding=\"async\" width=\"800\" height=\"448\" src=\"https:\/\/www.trans-textil.de\/wp-content\/uploads\/2026\/04\/oeko_tex_s14-0103.jpg\" class=\"attachment-large size-large wp-post-image\" alt=\"\" srcset=\"https:\/\/www.trans-textil.de\/wp-content\/uploads\/2026\/04\/oeko_tex_s14-0103.jpg 800w, https:\/\/www.trans-textil.de\/wp-content\/uploads\/2026\/04\/oeko_tex_s14-0103-300x168.jpg 300w, https:\/\/www.trans-textil.de\/wp-content\/uploads\/2026\/04\/oeko_tex_s14-0103-600x336.jpg 600w, https:\/\/www.trans-textil.de\/wp-content\/uploads\/2026\/04\/oeko_tex_s14-0103-400x224.jpg 400w, https:\/\/www.trans-textil.de\/wp-content\/uploads\/2026\/04\/oeko_tex_s14-0103-500x280.jpg 500w, https:\/\/www.trans-textil.de\/wp-content\/uploads\/2026\/04\/oeko_tex_s14-0103-150x84.jpg 150w, https:\/\/www.trans-textil.de\/wp-content\/uploads\/2026\/04\/oeko_tex_s14-0103-200x112.jpg 200w, https:\/\/www.trans-textil.de\/wp-content\/uploads\/2026\/04\/oeko_tex_s14-0103-100x56.jpg 100w, https:\/\/www.trans-textil.de\/wp-content\/uploads\/2026\/04\/oeko_tex_s14-0103-120x67.jpg 120w, https:\/\/www.trans-textil.de\/wp-content\/uploads\/2026\/04\/oeko_tex_s14-0103-250x140.jpg 250w, https:\/\/www.trans-textil.de\/wp-content\/uploads\/2026\/04\/oeko_tex_s14-0103-175x98.jpg 175w\" sizes=\"auto, (max-width: 800px) 100vw, 800px\" \/><\/a><\/div><div class=\"w-vwrapper usg_vwrapper_1 align_left valign_top\" style=\"--vwrapper-gap:0.7rem\"><h2 class=\"w-post-elm post_title usg_post_title_1 has_text_color entry-title color_link_inherit\"><a href=\"https:\/\/www.trans-textil.de\/en\/contract-textile-finishing-renewed-certification-in-accordance-with-standard-100-by-oeko-tex\/\">Contract textile finishing: renewed certification in accordance with STANDARD 100 by OEKO-TEX\u00ae<\/a><\/h2><div class=\"w-hwrapper usg_hwrapper_1 has_text_color align_left valign_top wrap\" style=\"--hwrapper-gap:1.2rem\"><time class=\"w-post-elm post_date usg_post_date_1 entry-date published\" datetime=\"2026-04-14T22:59:05+02:00\">14. April 2026<\/time><\/div><div class=\"w-post-elm post_content usg_post_content_1\">The contract textile finishing services offered by Trans-Textil GmbH were&hellip;<\/div><\/div>\t\t<\/div>\r\n\t\t\t<\/article>\r\n\t<article class=\"w-grid-item size_1x1 post-13907 post type-post status-publish format-standard has-post-thumbnail hentry category-uncategorized\" data-id=\"13907\">\r\n\t\t<div class=\"w-grid-item-h\">\r\n\t\t\t\t\t\t<div class=\"w-post-elm post_image usg_post_image_1 stretched\"><a href=\"https:\/\/www.trans-textil.de\/en\/membrane-laminates-for-watertight-breathable-shoes\/\" aria-label=\"Membrane laminates for watertight, breathable shoes\"><img loading=\"lazy\" decoding=\"async\" width=\"800\" height=\"448\" src=\"https:\/\/www.trans-textil.de\/wp-content\/uploads\/2026\/02\/membranlaminate_schuhe.jpg\" class=\"attachment-large size-large wp-post-image\" alt=\"\" srcset=\"https:\/\/www.trans-textil.de\/wp-content\/uploads\/2026\/02\/membranlaminate_schuhe.jpg 800w, https:\/\/www.trans-textil.de\/wp-content\/uploads\/2026\/02\/membranlaminate_schuhe-300x168.jpg 300w, https:\/\/www.trans-textil.de\/wp-content\/uploads\/2026\/02\/membranlaminate_schuhe-600x336.jpg 600w, https:\/\/www.trans-textil.de\/wp-content\/uploads\/2026\/02\/membranlaminate_schuhe-400x224.jpg 400w, https:\/\/www.trans-textil.de\/wp-content\/uploads\/2026\/02\/membranlaminate_schuhe-500x280.jpg 500w, https:\/\/www.trans-textil.de\/wp-content\/uploads\/2026\/02\/membranlaminate_schuhe-150x84.jpg 150w, https:\/\/www.trans-textil.de\/wp-content\/uploads\/2026\/02\/membranlaminate_schuhe-200x112.jpg 200w, https:\/\/www.trans-textil.de\/wp-content\/uploads\/2026\/02\/membranlaminate_schuhe-100x56.jpg 100w, https:\/\/www.trans-textil.de\/wp-content\/uploads\/2026\/02\/membranlaminate_schuhe-120x67.jpg 120w, https:\/\/www.trans-textil.de\/wp-content\/uploads\/2026\/02\/membranlaminate_schuhe-250x140.jpg 250w, https:\/\/www.trans-textil.de\/wp-content\/uploads\/2026\/02\/membranlaminate_schuhe-175x98.jpg 175w\" sizes=\"auto, (max-width: 800px) 100vw, 800px\" \/><\/a><\/div><div class=\"w-vwrapper usg_vwrapper_1 align_left valign_top\" style=\"--vwrapper-gap:0.7rem\"><h2 class=\"w-post-elm post_title usg_post_title_1 has_text_color entry-title color_link_inherit\"><a href=\"https:\/\/www.trans-textil.de\/en\/membrane-laminates-for-watertight-breathable-shoes\/\">Membrane laminates for watertight, breathable shoes<\/a><\/h2><div class=\"w-hwrapper usg_hwrapper_1 has_text_color align_left valign_top wrap\" style=\"--hwrapper-gap:1.2rem\"><time class=\"w-post-elm post_date usg_post_date_1 entry-date published\" datetime=\"2026-02-25T00:42:29+01:00\">25. February 2026<\/time><\/div><div class=\"w-post-elm post_content usg_post_content_1\">Our in-house production of membrane laminates for waterproof, breathable footwear&hellip;<\/div><\/div>\t\t<\/div>\r\n\t\t\t<\/article>\r\n\t<article class=\"w-grid-item size_1x1 post-13726 post type-post status-publish format-standard has-post-thumbnail hentry category-uncategorized\" data-id=\"13726\">\r\n\t\t<div class=\"w-grid-item-h\">\r\n\t\t\t\t\t\t<div class=\"w-post-elm post_image usg_post_image_1 stretched\"><a href=\"https:\/\/www.trans-textil.de\/en\/high-performance-plus\/\" aria-label=\"High Performance Plus for PPE\"><img loading=\"lazy\" decoding=\"async\" width=\"800\" height=\"448\" src=\"https:\/\/www.trans-textil.de\/wp-content\/uploads\/2026\/01\/highperformanceplus.jpg\" class=\"attachment-large size-large wp-post-image\" alt=\"\" srcset=\"https:\/\/www.trans-textil.de\/wp-content\/uploads\/2026\/01\/highperformanceplus.jpg 800w, https:\/\/www.trans-textil.de\/wp-content\/uploads\/2026\/01\/highperformanceplus-300x168.jpg 300w, https:\/\/www.trans-textil.de\/wp-content\/uploads\/2026\/01\/highperformanceplus-600x336.jpg 600w, https:\/\/www.trans-textil.de\/wp-content\/uploads\/2026\/01\/highperformanceplus-400x224.jpg 400w, https:\/\/www.trans-textil.de\/wp-content\/uploads\/2026\/01\/highperformanceplus-500x280.jpg 500w, https:\/\/www.trans-textil.de\/wp-content\/uploads\/2026\/01\/highperformanceplus-150x84.jpg 150w, https:\/\/www.trans-textil.de\/wp-content\/uploads\/2026\/01\/highperformanceplus-200x112.jpg 200w, https:\/\/www.trans-textil.de\/wp-content\/uploads\/2026\/01\/highperformanceplus-100x56.jpg 100w, https:\/\/www.trans-textil.de\/wp-content\/uploads\/2026\/01\/highperformanceplus-120x67.jpg 120w, https:\/\/www.trans-textil.de\/wp-content\/uploads\/2026\/01\/highperformanceplus-250x140.jpg 250w, https:\/\/www.trans-textil.de\/wp-content\/uploads\/2026\/01\/highperformanceplus-175x98.jpg 175w\" sizes=\"auto, (max-width: 800px) 100vw, 800px\" \/><\/a><\/div><div class=\"w-vwrapper usg_vwrapper_1 align_left valign_top\" style=\"--vwrapper-gap:0.7rem\"><h2 class=\"w-post-elm post_title usg_post_title_1 has_text_color entry-title color_link_inherit\"><a href=\"https:\/\/www.trans-textil.de\/en\/high-performance-plus\/\">High Performance Plus for PPE<\/a><\/h2><div class=\"w-hwrapper usg_hwrapper_1 has_text_color align_left valign_top wrap\" style=\"--hwrapper-gap:1.2rem\"><time class=\"w-post-elm post_date usg_post_date_1 entry-date published\" datetime=\"2026-01-20T03:11:37+01:00\">20. January 2026<\/time><\/div><div class=\"w-post-elm post_content usg_post_content_1\">Protection against microorganisms in personal protective equipment and workwear The&hellip;<\/div><\/div>\t\t<\/div>\r\n\t\t\t<\/article>\r\n\t<article class=\"w-grid-item size_1x1 post-13595 post type-post status-publish format-standard has-post-thumbnail hentry category-uncategorized\" data-id=\"13595\">\r\n\t\t<div class=\"w-grid-item-h\">\r\n\t\t\t\t\t\t<div class=\"w-post-elm post_image usg_post_image_1 stretched\"><a href=\"https:\/\/www.trans-textil.de\/en\/textilcolor\/\" aria-label=\"TEXTILCOLOR AG launches strategic collaboration with Alpex, Majocchi, and Trans-Textil in the field of Pyroshell\u2122 flame protection\"><img loading=\"lazy\" decoding=\"async\" width=\"800\" height=\"448\" src=\"https:\/\/www.trans-textil.de\/wp-content\/uploads\/2025\/10\/pyroshell_header_news.jpg\" class=\"attachment-large size-large wp-post-image\" alt=\"\" srcset=\"https:\/\/www.trans-textil.de\/wp-content\/uploads\/2025\/10\/pyroshell_header_news.jpg 800w, https:\/\/www.trans-textil.de\/wp-content\/uploads\/2025\/10\/pyroshell_header_news-300x168.jpg 300w, https:\/\/www.trans-textil.de\/wp-content\/uploads\/2025\/10\/pyroshell_header_news-600x336.jpg 600w, https:\/\/www.trans-textil.de\/wp-content\/uploads\/2025\/10\/pyroshell_header_news-400x224.jpg 400w, https:\/\/www.trans-textil.de\/wp-content\/uploads\/2025\/10\/pyroshell_header_news-500x280.jpg 500w, https:\/\/www.trans-textil.de\/wp-content\/uploads\/2025\/10\/pyroshell_header_news-150x84.jpg 150w, https:\/\/www.trans-textil.de\/wp-content\/uploads\/2025\/10\/pyroshell_header_news-200x112.jpg 200w, https:\/\/www.trans-textil.de\/wp-content\/uploads\/2025\/10\/pyroshell_header_news-100x56.jpg 100w, https:\/\/www.trans-textil.de\/wp-content\/uploads\/2025\/10\/pyroshell_header_news-120x67.jpg 120w, https:\/\/www.trans-textil.de\/wp-content\/uploads\/2025\/10\/pyroshell_header_news-250x140.jpg 250w, https:\/\/www.trans-textil.de\/wp-content\/uploads\/2025\/10\/pyroshell_header_news-175x98.jpg 175w\" sizes=\"auto, (max-width: 800px) 100vw, 800px\" \/><\/a><\/div><div class=\"w-vwrapper usg_vwrapper_1 align_left valign_top\" style=\"--vwrapper-gap:0.7rem\"><h2 class=\"w-post-elm post_title usg_post_title_1 has_text_color entry-title color_link_inherit\"><a href=\"https:\/\/www.trans-textil.de\/en\/textilcolor\/\">TEXTILCOLOR AG launches strategic collaboration with Alpex, Majocchi, and Trans-Textil in the field of Pyroshell\u2122 flame protection<\/a><\/h2><div class=\"w-hwrapper usg_hwrapper_1 has_text_color align_left valign_top wrap\" style=\"--hwrapper-gap:1.2rem\"><time class=\"w-post-elm post_date usg_post_date_1 entry-date published\" datetime=\"2025-11-03T09:18:31+01:00\">3. November 2025<\/time><\/div><div class=\"w-post-elm post_content usg_post_content_1\">Sevelen, November 1, 2025 \u2013 TEXTILCOLOR AG, a leading provider&hellip;<\/div><\/div>\t\t<\/div>\r\n\t\t\t<\/article>\r\n\t<article class=\"w-grid-item size_1x1 post-13607 post type-post status-publish format-standard has-post-thumbnail hentry category-uncategorized\" data-id=\"13607\">\r\n\t\t<div class=\"w-grid-item-h\">\r\n\t\t\t\t\t\t<div class=\"w-post-elm post_image usg_post_image_1 stretched\"><a href=\"https:\/\/www.trans-textil.de\/en\/gold-standard-environmental-commitment\/\" aria-label=\"Gold-standard environmental commitment\"><img loading=\"lazy\" decoding=\"async\" width=\"800\" height=\"448\" src=\"https:\/\/www.trans-textil.de\/wp-content\/uploads\/2025\/10\/umweltpakt2025.jpg\" class=\"attachment-large size-large wp-post-image\" alt=\"\" srcset=\"https:\/\/www.trans-textil.de\/wp-content\/uploads\/2025\/10\/umweltpakt2025.jpg 800w, https:\/\/www.trans-textil.de\/wp-content\/uploads\/2025\/10\/umweltpakt2025-300x168.jpg 300w, https:\/\/www.trans-textil.de\/wp-content\/uploads\/2025\/10\/umweltpakt2025-600x336.jpg 600w, https:\/\/www.trans-textil.de\/wp-content\/uploads\/2025\/10\/umweltpakt2025-400x224.jpg 400w, https:\/\/www.trans-textil.de\/wp-content\/uploads\/2025\/10\/umweltpakt2025-500x280.jpg 500w, https:\/\/www.trans-textil.de\/wp-content\/uploads\/2025\/10\/umweltpakt2025-150x84.jpg 150w, https:\/\/www.trans-textil.de\/wp-content\/uploads\/2025\/10\/umweltpakt2025-200x112.jpg 200w, https:\/\/www.trans-textil.de\/wp-content\/uploads\/2025\/10\/umweltpakt2025-100x56.jpg 100w, https:\/\/www.trans-textil.de\/wp-content\/uploads\/2025\/10\/umweltpakt2025-120x67.jpg 120w, https:\/\/www.trans-textil.de\/wp-content\/uploads\/2025\/10\/umweltpakt2025-250x140.jpg 250w, https:\/\/www.trans-textil.de\/wp-content\/uploads\/2025\/10\/umweltpakt2025-175x98.jpg 175w\" sizes=\"auto, (max-width: 800px) 100vw, 800px\" \/><\/a><\/div><div class=\"w-vwrapper usg_vwrapper_1 align_left valign_top\" style=\"--vwrapper-gap:0.7rem\"><h2 class=\"w-post-elm post_title usg_post_title_1 has_text_color entry-title color_link_inherit\"><a href=\"https:\/\/www.trans-textil.de\/en\/gold-standard-environmental-commitment\/\">Gold-standard environmental commitment<\/a><\/h2><div class=\"w-hwrapper usg_hwrapper_1 has_text_color align_left valign_top wrap\" style=\"--hwrapper-gap:1.2rem\"><time class=\"w-post-elm post_date usg_post_date_1 entry-date published\" datetime=\"2025-10-30T01:41:25+01:00\">30. October 2025<\/time><\/div><div class=\"w-post-elm post_content usg_post_content_1\">State Minister Glauber honours years of voluntary services Trans-Textil GmbH&hellip;<\/div><\/div>\t\t<\/div>\r\n\t\t\t<\/article>\r\n\t<article class=\"w-grid-item size_1x1 post-13572 post type-post status-publish format-standard has-post-thumbnail hentry category-uncategorized\" data-id=\"13572\">\r\n\t\t<div class=\"w-grid-item-h\">\r\n\t\t\t\t\t\t<div class=\"w-post-elm post_image usg_post_image_1 stretched\"><a href=\"https:\/\/www.trans-textil.de\/en\/innovative-quilted-composites-in-a-regional-supply-chain\/\" aria-label=\"Innovative quilted composites in a regional supply chain\"><img loading=\"lazy\" decoding=\"async\" width=\"800\" height=\"448\" src=\"https:\/\/www.trans-textil.de\/wp-content\/uploads\/2025\/10\/stepptex_header_news.jpg\" class=\"attachment-large size-large wp-post-image\" alt=\"\" srcset=\"https:\/\/www.trans-textil.de\/wp-content\/uploads\/2025\/10\/stepptex_header_news.jpg 800w, https:\/\/www.trans-textil.de\/wp-content\/uploads\/2025\/10\/stepptex_header_news-300x168.jpg 300w, https:\/\/www.trans-textil.de\/wp-content\/uploads\/2025\/10\/stepptex_header_news-600x336.jpg 600w, https:\/\/www.trans-textil.de\/wp-content\/uploads\/2025\/10\/stepptex_header_news-400x224.jpg 400w, https:\/\/www.trans-textil.de\/wp-content\/uploads\/2025\/10\/stepptex_header_news-500x280.jpg 500w, https:\/\/www.trans-textil.de\/wp-content\/uploads\/2025\/10\/stepptex_header_news-150x84.jpg 150w, https:\/\/www.trans-textil.de\/wp-content\/uploads\/2025\/10\/stepptex_header_news-200x112.jpg 200w, https:\/\/www.trans-textil.de\/wp-content\/uploads\/2025\/10\/stepptex_header_news-100x56.jpg 100w, https:\/\/www.trans-textil.de\/wp-content\/uploads\/2025\/10\/stepptex_header_news-120x67.jpg 120w, https:\/\/www.trans-textil.de\/wp-content\/uploads\/2025\/10\/stepptex_header_news-250x140.jpg 250w, https:\/\/www.trans-textil.de\/wp-content\/uploads\/2025\/10\/stepptex_header_news-175x98.jpg 175w\" sizes=\"auto, (max-width: 800px) 100vw, 800px\" \/><\/a><\/div><div class=\"w-vwrapper usg_vwrapper_1 align_left valign_top\" style=\"--vwrapper-gap:0.7rem\"><h2 class=\"w-post-elm post_title usg_post_title_1 has_text_color entry-title color_link_inherit\"><a href=\"https:\/\/www.trans-textil.de\/en\/innovative-quilted-composites-in-a-regional-supply-chain\/\">Innovative quilted composites in a regional supply chain<\/a><\/h2><div class=\"w-hwrapper usg_hwrapper_1 has_text_color align_left valign_top wrap\" style=\"--hwrapper-gap:1.2rem\"><time class=\"w-post-elm post_date usg_post_date_1 entry-date published\" datetime=\"2025-10-29T20:06:31+01:00\">29. October 2025<\/time><\/div><div class=\"w-post-elm post_content usg_post_content_1\">Norafin and Trans-Textil found SteppTEX Ges.m.b.H. Located in Absam, Tyrol&hellip;<\/div><\/div>\t\t<\/div>\r\n\t\t\t<\/article>\r\n\t<article class=\"w-grid-item size_1x1 post-13460 post type-post status-publish format-standard has-post-thumbnail hentry category-uncategorized\" data-id=\"13460\">\r\n\t\t<div class=\"w-grid-item-h\">\r\n\t\t\t\t\t\t<div class=\"w-post-elm post_image usg_post_image_1 stretched\"><a href=\"https:\/\/www.trans-textil.de\/en\/in-the-battle-against-firefighter-cancer\/\" aria-label=\"In the battle against firefighter cancer\"><img loading=\"lazy\" decoding=\"async\" width=\"800\" height=\"448\" src=\"https:\/\/www.trans-textil.de\/wp-content\/uploads\/2025\/06\/firefighter_cancer_2.jpg\" class=\"attachment-large size-large wp-post-image\" alt=\"\" srcset=\"https:\/\/www.trans-textil.de\/wp-content\/uploads\/2025\/06\/firefighter_cancer_2.jpg 800w, https:\/\/www.trans-textil.de\/wp-content\/uploads\/2025\/06\/firefighter_cancer_2-300x168.jpg 300w, https:\/\/www.trans-textil.de\/wp-content\/uploads\/2025\/06\/firefighter_cancer_2-600x336.jpg 600w, https:\/\/www.trans-textil.de\/wp-content\/uploads\/2025\/06\/firefighter_cancer_2-400x224.jpg 400w, https:\/\/www.trans-textil.de\/wp-content\/uploads\/2025\/06\/firefighter_cancer_2-500x280.jpg 500w, https:\/\/www.trans-textil.de\/wp-content\/uploads\/2025\/06\/firefighter_cancer_2-150x84.jpg 150w, https:\/\/www.trans-textil.de\/wp-content\/uploads\/2025\/06\/firefighter_cancer_2-200x112.jpg 200w, https:\/\/www.trans-textil.de\/wp-content\/uploads\/2025\/06\/firefighter_cancer_2-100x56.jpg 100w, https:\/\/www.trans-textil.de\/wp-content\/uploads\/2025\/06\/firefighter_cancer_2-120x67.jpg 120w, https:\/\/www.trans-textil.de\/wp-content\/uploads\/2025\/06\/firefighter_cancer_2-250x140.jpg 250w, https:\/\/www.trans-textil.de\/wp-content\/uploads\/2025\/06\/firefighter_cancer_2-175x98.jpg 175w\" sizes=\"auto, (max-width: 800px) 100vw, 800px\" \/><\/a><\/div><div class=\"w-vwrapper usg_vwrapper_1 align_left valign_top\" style=\"--vwrapper-gap:0.7rem\"><h2 class=\"w-post-elm post_title usg_post_title_1 has_text_color entry-title color_link_inherit\"><a href=\"https:\/\/www.trans-textil.de\/en\/in-the-battle-against-firefighter-cancer\/\">In the battle against firefighter cancer<\/a><\/h2><div class=\"w-hwrapper usg_hwrapper_1 has_text_color align_left valign_top wrap\" style=\"--hwrapper-gap:1.2rem\"><time class=\"w-post-elm post_date usg_post_date_1 entry-date published\" datetime=\"2025-06-20T01:29:40+02:00\">20. June 2025<\/time><\/div><div class=\"w-post-elm post_content usg_post_content_1\">International network developing new textile protection concepts The primary goal&hellip;<\/div><\/div>\t\t<\/div>\r\n\t\t\t<\/article>\r\n\t<article class=\"w-grid-item size_1x1 post-13422 post type-post status-publish format-standard has-post-thumbnail hentry category-uncategorized\" data-id=\"13422\">\r\n\t\t<div class=\"w-grid-item-h\">\r\n\t\t\t\t\t\t<div class=\"w-post-elm post_image usg_post_image_1 stretched\"><a href=\"https:\/\/www.trans-textil.de\/en\/stepptex-joint-venture-company\/\" aria-label=\"STEPPTEX Joint Venture Company\"><img loading=\"lazy\" decoding=\"async\" width=\"800\" height=\"448\" src=\"https:\/\/www.trans-textil.de\/wp-content\/uploads\/2025\/05\/stepptex.jpg\" class=\"attachment-large size-large wp-post-image\" alt=\"\" srcset=\"https:\/\/www.trans-textil.de\/wp-content\/uploads\/2025\/05\/stepptex.jpg 800w, https:\/\/www.trans-textil.de\/wp-content\/uploads\/2025\/05\/stepptex-300x168.jpg 300w, https:\/\/www.trans-textil.de\/wp-content\/uploads\/2025\/05\/stepptex-600x336.jpg 600w, https:\/\/www.trans-textil.de\/wp-content\/uploads\/2025\/05\/stepptex-400x224.jpg 400w, https:\/\/www.trans-textil.de\/wp-content\/uploads\/2025\/05\/stepptex-500x280.jpg 500w, https:\/\/www.trans-textil.de\/wp-content\/uploads\/2025\/05\/stepptex-150x84.jpg 150w, https:\/\/www.trans-textil.de\/wp-content\/uploads\/2025\/05\/stepptex-200x112.jpg 200w, https:\/\/www.trans-textil.de\/wp-content\/uploads\/2025\/05\/stepptex-100x56.jpg 100w, https:\/\/www.trans-textil.de\/wp-content\/uploads\/2025\/05\/stepptex-120x67.jpg 120w, https:\/\/www.trans-textil.de\/wp-content\/uploads\/2025\/05\/stepptex-250x140.jpg 250w, https:\/\/www.trans-textil.de\/wp-content\/uploads\/2025\/05\/stepptex-175x98.jpg 175w\" sizes=\"auto, (max-width: 800px) 100vw, 800px\" \/><\/a><\/div><div class=\"w-vwrapper usg_vwrapper_1 align_left valign_top\" style=\"--vwrapper-gap:0.7rem\"><h2 class=\"w-post-elm post_title usg_post_title_1 has_text_color entry-title color_link_inherit\"><a href=\"https:\/\/www.trans-textil.de\/en\/stepptex-joint-venture-company\/\">STEPPTEX Joint Venture Company<\/a><\/h2><div class=\"w-hwrapper usg_hwrapper_1 has_text_color align_left valign_top wrap\" style=\"--hwrapper-gap:1.2rem\"><time class=\"w-post-elm post_date usg_post_date_1 entry-date published\" datetime=\"2025-05-06T01:51:34+02:00\">6. May 2025<\/time><\/div><div class=\"w-post-elm post_content usg_post_content_1\">Trans-Textil is a longstanding customer of Polyfill Produktions-GmbH and values&hellip;<\/div><\/div>\t\t<\/div>\r\n\t\t\t<\/article>\r\n\t<article class=\"w-grid-item size_1x1 post-13406 post type-post status-publish format-standard has-post-thumbnail hentry category-uncategorized\" data-id=\"13406\">\r\n\t\t<div class=\"w-grid-item-h\">\r\n\t\t\t\t\t\t<div class=\"w-post-elm post_image usg_post_image_1 stretched\"><a href=\"https:\/\/www.trans-textil.de\/en\/grs-certified-multifunctional-textiles\/\" aria-label=\"GRS-certified multifunctional textiles\"><img loading=\"lazy\" decoding=\"async\" width=\"800\" height=\"448\" src=\"https:\/\/www.trans-textil.de\/wp-content\/uploads\/2025\/04\/tt_grs_zertifizierung.jpg\" class=\"attachment-large size-large wp-post-image\" alt=\"\" srcset=\"https:\/\/www.trans-textil.de\/wp-content\/uploads\/2025\/04\/tt_grs_zertifizierung.jpg 800w, https:\/\/www.trans-textil.de\/wp-content\/uploads\/2025\/04\/tt_grs_zertifizierung-300x168.jpg 300w, https:\/\/www.trans-textil.de\/wp-content\/uploads\/2025\/04\/tt_grs_zertifizierung-600x336.jpg 600w, https:\/\/www.trans-textil.de\/wp-content\/uploads\/2025\/04\/tt_grs_zertifizierung-400x224.jpg 400w, https:\/\/www.trans-textil.de\/wp-content\/uploads\/2025\/04\/tt_grs_zertifizierung-500x280.jpg 500w, https:\/\/www.trans-textil.de\/wp-content\/uploads\/2025\/04\/tt_grs_zertifizierung-150x84.jpg 150w, https:\/\/www.trans-textil.de\/wp-content\/uploads\/2025\/04\/tt_grs_zertifizierung-200x112.jpg 200w, https:\/\/www.trans-textil.de\/wp-content\/uploads\/2025\/04\/tt_grs_zertifizierung-100x56.jpg 100w, https:\/\/www.trans-textil.de\/wp-content\/uploads\/2025\/04\/tt_grs_zertifizierung-120x67.jpg 120w, https:\/\/www.trans-textil.de\/wp-content\/uploads\/2025\/04\/tt_grs_zertifizierung-250x140.jpg 250w, https:\/\/www.trans-textil.de\/wp-content\/uploads\/2025\/04\/tt_grs_zertifizierung-175x98.jpg 175w\" sizes=\"auto, (max-width: 800px) 100vw, 800px\" \/><\/a><\/div><div class=\"w-vwrapper usg_vwrapper_1 align_left valign_top\" style=\"--vwrapper-gap:0.7rem\"><h2 class=\"w-post-elm post_title usg_post_title_1 has_text_color entry-title color_link_inherit\"><a href=\"https:\/\/www.trans-textil.de\/en\/grs-certified-multifunctional-textiles\/\">GRS-certified multifunctional textiles<\/a><\/h2><div class=\"w-hwrapper usg_hwrapper_1 has_text_color align_left valign_top wrap\" style=\"--hwrapper-gap:1.2rem\"><time class=\"w-post-elm post_date usg_post_date_1 entry-date published\" datetime=\"2025-04-25T00:56:26+02:00\">25. April 2025<\/time><\/div><div class=\"w-post-elm post_content usg_post_content_1\">Our Global Recycled Standard (GRS) certification covers membrane laminates, coating,&hellip;<\/div><\/div>\t\t<\/div>\r\n\t\t\t<\/article>\r\n<\/div>\t<div class=\"w-grid-preloader\">\r\n\t\t<div class=\"g-preloader type_1\">\r\n\t\t\t<div><\/div>\r\n\t\t<\/div>\r\n\t<\/div>\r\n\t\t<div class=\"w-grid-json hidden\" onclick='return {&quot;action&quot;:&quot;us_ajax_grid&quot;,&quot;infinite_scroll&quot;:0,&quot;max_num_pages&quot;:4,&quot;pagination&quot;:&quot;none&quot;,&quot;template_vars&quot;:{&quot;columns&quot;:&quot;2&quot;,&quot;exclude_items&quot;:&quot;none&quot;,&quot;img_size&quot;:&quot;default&quot;,&quot;ignore_items_size&quot;:0,&quot;items_layout&quot;:&quot;8327&quot;,&quot;items_offset&quot;:&quot;1&quot;,&quot;load_animation&quot;:&quot;none&quot;,&quot;overriding_link&quot;:&quot;{\\&quot;url\\&quot;:\\&quot;\\&quot;}&quot;,&quot;post_id&quot;:0,&quot;query_args&quot;:{&quot;post_type&quot;:[&quot;post&quot;],&quot;post_status&quot;:[&quot;publish&quot;,&quot;acf-disabled&quot;],&quot;posts_per_page&quot;:&quot;10&quot;},&quot;orderby_query_args&quot;:{&quot;orderby&quot;:{&quot;date&quot;:&quot;DESC&quot;}},&quot;type&quot;:&quot;grid&quot;,&quot;us_grid_post_type&quot;:&quot;post&quot;,&quot;us_grid_ajax_index&quot;:1,&quot;us_grid_filter_query_string&quot;:null,&quot;us_grid_index&quot;:1,&quot;page_args&quot;:[],&quot;lang&quot;:&quot;en&quot;}}'><\/div>\r\n\t<\/div><div class=\"w-separator size_medium\"><\/div><div class=\"w-btn-wrapper align_center\"><a class=\"w-btn us-btn-style_1 icon_atleft\" title=\"News\" href=\"https:\/\/www.trans-textil.de\/blog\/\"><i class=\"fas fa-th\"><\/i><span class=\"w-btn-label\">Mehr anzeigen<\/span><\/a><\/div><\/div><\/div><\/div><div class=\"vc_col-sm-3 wpb_column vc_column_container has_bg_color\"><div class=\"vc_column-inner us_custom_6071b88f\"><div class=\"wpb_wrapper\"><div class=\"w-image align_center\"><div class=\"w-image-h\"><img decoding=\"async\" width=\"200\" height=\"150\" src=\"https:\/\/www.trans-textil.de\/wp-content\/uploads\/2021\/02\/topaz_elements-200x150.png\" class=\"attachment-us_200_200 size-us_200_200\" alt=\"\" loading=\"lazy\" srcset=\"https:\/\/www.trans-textil.de\/wp-content\/uploads\/2021\/02\/topaz_elements-e1613099303875-200x150.png 200w, https:\/\/www.trans-textil.de\/wp-content\/uploads\/2021\/02\/topaz_elements-e1613099303875-300x226.png 300w, https:\/\/www.trans-textil.de\/wp-content\/uploads\/2021\/02\/topaz_elements-1024x770.png 1024w, https:\/\/www.trans-textil.de\/wp-content\/uploads\/2021\/02\/topaz_elements-e1613099303875-239x180.png 239w, https:\/\/www.trans-textil.de\/wp-content\/uploads\/2021\/02\/topaz_elements-532x400.png 532w, https:\/\/www.trans-textil.de\/wp-content\/uploads\/2021\/02\/topaz_elements-e1613099303875-400x301.png 400w, https:\/\/www.trans-textil.de\/wp-content\/uploads\/2021\/02\/topaz_elements-e1613099303875-399x300.png 399w, https:\/\/www.trans-textil.de\/wp-content\/uploads\/2021\/02\/topaz_elements-e1613099303875-150x113.png 150w, https:\/\/www.trans-textil.de\/wp-content\/uploads\/2021\/02\/topaz_elements-e1613099303875-500x376.png 500w, https:\/\/www.trans-textil.de\/wp-content\/uploads\/2021\/02\/topaz_elements-e1613099303875-100x75.png 100w, https:\/\/www.trans-textil.de\/wp-content\/uploads\/2021\/02\/topaz_elements-e1613099303875-175x132.png 175w, https:\/\/www.trans-textil.de\/wp-content\/uploads\/2021\/02\/topaz_elements.png 1891w\" sizes=\"auto, (max-width: 200px) 100vw, 200px\" \/><\/div><\/div><div class=\"w-separator size_medium with_line width_default thick_1 style_dashed color_secondary align_center\"><div class=\"w-separator-h\"><\/div><\/div><div class=\"wpb_text_column\"><div class=\"wpb_wrapper\"><h4><img loading=\"lazy\" decoding=\"async\" class=\"alignnone wp-image-12673 size-medium\" src=\"https:\/\/www.trans-textil.de\/wp-content\/uploads\/2023\/11\/LOGO-JW24-Black-1-300x106.png\" alt=\"\" width=\"300\" height=\"106\" srcset=\"https:\/\/www.trans-textil.de\/wp-content\/uploads\/2023\/11\/LOGO-JW24-Black-1-300x106.png 300w, https:\/\/www.trans-textil.de\/wp-content\/uploads\/2023\/11\/LOGO-JW24-Black-1-1024x361.png 1024w, https:\/\/www.trans-textil.de\/wp-content\/uploads\/2023\/11\/LOGO-JW24-Black-1-600x211.png 600w, https:\/\/www.trans-textil.de\/wp-content\/uploads\/2023\/11\/LOGO-JW24-Black-1-400x141.png 400w, https:\/\/www.trans-textil.de\/wp-content\/uploads\/2023\/11\/LOGO-JW24-Black-1-500x176.png 500w, https:\/\/www.trans-textil.de\/wp-content\/uploads\/2023\/11\/LOGO-JW24-Black-1-150x53.png 150w, https:\/\/www.trans-textil.de\/wp-content\/uploads\/2023\/11\/LOGO-JW24-Black-1-200x70.png 200w, https:\/\/www.trans-textil.de\/wp-content\/uploads\/2023\/11\/LOGO-JW24-Black-1-100x35.png 100w, https:\/\/www.trans-textil.de\/wp-content\/uploads\/2023\/11\/LOGO-JW24-Black-1-800x282.png 800w, https:\/\/www.trans-textil.de\/wp-content\/uploads\/2023\/11\/LOGO-JW24-Black-1-120x42.png 120w, https:\/\/www.trans-textil.de\/wp-content\/uploads\/2023\/11\/LOGO-JW24-Black-1-250x88.png 250w, https:\/\/www.trans-textil.de\/wp-content\/uploads\/2023\/11\/LOGO-JW24-Black-1-175x62.png 175w, https:\/\/www.trans-textil.de\/wp-content\/uploads\/2023\/11\/LOGO-JW24-Black-1.png 1235w\" sizes=\"auto, (max-width: 300px) 100vw, 300px\" \/><\/h4>\n<p class=\"title2\"><strong>JEC Paris<\/strong><br \/>\n05. \u2013 07. M\u00e4rz 2024<br \/>\nZAC Paris Nord 2<br \/>\n<a href=\"https:\/\/www.jec-world.events\/de\" target=\"_blank\" rel=\"noopener\">Zur Webseite<\/a><\/p>\n<\/div><\/div><div class=\"w-separator size_medium with_line width_default thick_1 style_dashed color_secondary align_center\"><div class=\"w-separator-h\"><\/div><\/div><div class=\"wpb_text_column\"><div class=\"wpb_wrapper\"><h4><a href=\"https:\/\/www.performancedays.com\/\" target=\"_blank\" rel=\"noopener\"><img loading=\"lazy\" decoding=\"async\" class=\"alignnone wp-image-10307 size-medium\" src=\"https:\/\/www.trans-textil.de\/wp-content\/uploads\/2021\/05\/performance-days-300x97.png\" alt=\"\" width=\"300\" height=\"97\" srcset=\"https:\/\/www.trans-textil.de\/wp-content\/uploads\/2021\/05\/performance-days-300x97.png 300w, https:\/\/www.trans-textil.de\/wp-content\/uploads\/2021\/05\/performance-days-400x130.png 400w, https:\/\/www.trans-textil.de\/wp-content\/uploads\/2021\/05\/performance-days-150x49.png 150w, https:\/\/www.trans-textil.de\/wp-content\/uploads\/2021\/05\/performance-days-200x65.png 200w, https:\/\/www.trans-textil.de\/wp-content\/uploads\/2021\/05\/performance-days-100x32.png 100w, https:\/\/www.trans-textil.de\/wp-content\/uploads\/2021\/05\/performance-days.png 500w, https:\/\/www.trans-textil.de\/wp-content\/uploads\/2021\/05\/performance-days-120x39.png 120w\" sizes=\"auto, (max-width: 300px) 100vw, 300px\" \/><\/a><\/h4>\n<p class=\"title2\"><strong>Performance Days<\/strong><br \/>\n20. \u2013 21. M\u00e4rz 2024<br \/>\nMOC M\u00fcnchen<br \/>\n<a href=\"https:\/\/www.performancedays.com\/supplier\/trans-textil.html\" target=\"_blank\" rel=\"noopener\">Zur Webseite<\/a><\/p>\n<\/div><\/div><div class=\"w-separator size_medium with_line width_default thick_1 style_dashed color_secondary align_center\"><div class=\"w-separator-h\"><\/div><\/div><div class=\"wpb_text_column\"><div class=\"wpb_wrapper\"><h4><a href=\"https:\/\/techtextil.messefrankfurt.com\/frankfurt\/de.html\" target=\"_blank\" rel=\"noopener\"><img loading=\"lazy\" decoding=\"async\" class=\"alignnone wp-image-11474 size-medium\" src=\"https:\/\/www.trans-textil.de\/wp-content\/uploads\/2022\/02\/Techtextil-300x77.png\" alt=\"\" width=\"300\" height=\"77\" srcset=\"https:\/\/www.trans-textil.de\/wp-content\/uploads\/2022\/02\/Techtextil-300x77.png 300w, https:\/\/www.trans-textil.de\/wp-content\/uploads\/2022\/02\/Techtextil-400x103.png 400w, https:\/\/www.trans-textil.de\/wp-content\/uploads\/2022\/02\/Techtextil-150x39.png 150w, https:\/\/www.trans-textil.de\/wp-content\/uploads\/2022\/02\/Techtextil-200x52.png 200w, https:\/\/www.trans-textil.de\/wp-content\/uploads\/2022\/02\/Techtextil-100x26.png 100w, https:\/\/www.trans-textil.de\/wp-content\/uploads\/2022\/02\/Techtextil-120x31.png 120w, https:\/\/www.trans-textil.de\/wp-content\/uploads\/2022\/02\/Techtextil.png 442w\" sizes=\"auto, (max-width: 300px) 100vw, 300px\" \/><\/a><\/h4>\n<p class=\"title2\"><strong>techtextil<\/strong><br \/>\n23. \u2013 26. April 2024<br \/>\nFrankfurt am Main<br \/>\nHalle 12.1 | Stand A46<br \/>\n<a href=\"https:\/\/techtextil.messefrankfurt.com\/frankfurt\/de.html\" target=\"_blank\" rel=\"noopener\">Zur Webseite<\/a><\/p>\n<\/div><\/div><div class=\"w-separator size_medium with_line width_default thick_1 style_dashed color_secondary align_center\"><div class=\"w-separator-h\"><\/div><\/div><div class=\"wpb_text_column\"><div class=\"wpb_wrapper\"><h4><img loading=\"lazy\" decoding=\"async\" class=\"alignnone wp-image-12634 size-medium\" src=\"https:\/\/www.trans-textil.de\/wp-content\/uploads\/2023\/06\/China_Composites_Expo-300x182.png\" alt=\"\" width=\"300\" height=\"182\" srcset=\"https:\/\/www.trans-textil.de\/wp-content\/uploads\/2023\/06\/China_Composites_Expo-300x182.png 300w, https:\/\/www.trans-textil.de\/wp-content\/uploads\/2023\/06\/China_Composites_Expo-296x180.png 296w, https:\/\/www.trans-textil.de\/wp-content\/uploads\/2023\/06\/China_Composites_Expo-400x243.png 400w, https:\/\/www.trans-textil.de\/wp-content\/uploads\/2023\/06\/China_Composites_Expo-493x300.png 493w, https:\/\/www.trans-textil.de\/wp-content\/uploads\/2023\/06\/China_Composites_Expo-150x91.png 150w, https:\/\/www.trans-textil.de\/wp-content\/uploads\/2023\/06\/China_Composites_Expo-200x122.png 200w, https:\/\/www.trans-textil.de\/wp-content\/uploads\/2023\/06\/China_Composites_Expo-100x61.png 100w, https:\/\/www.trans-textil.de\/wp-content\/uploads\/2023\/06\/China_Composites_Expo-120x73.png 120w, https:\/\/www.trans-textil.de\/wp-content\/uploads\/2023\/06\/China_Composites_Expo-250x152.png 250w, https:\/\/www.trans-textil.de\/wp-content\/uploads\/2023\/06\/China_Composites_Expo-175x106.png 175w, https:\/\/www.trans-textil.de\/wp-content\/uploads\/2023\/06\/China_Composites_Expo.png 500w\" sizes=\"auto, (max-width: 300px) 100vw, 300px\" \/><\/h4>\n<p class=\"title2\"><strong>China Composites Expo 2024<\/strong><br \/>\n02. \u2013 04. September 2024<br \/>\nNECC Shanghai<br \/>\nStand 6A03 | Halle 6.1<br \/>\n<a href=\"https:\/\/www.chinacompositesexpo.com\/en\/\" target=\"_blank\" rel=\"noopener\">Zur Webseite<\/a><\/p>\n<\/div><\/div><div class=\"w-separator size_medium with_line width_default thick_1 style_dashed color_secondary align_center\"><div class=\"w-separator-h\"><\/div><\/div><div class=\"wpb_text_column\"><div class=\"wpb_wrapper\"><h4><span style=\"color: #00649e;\"><img loading=\"lazy\" decoding=\"async\" class=\"aligncenter wp-image-12685 size-us_250_250\" src=\"https:\/\/www.trans-textil.de\/wp-content\/uploads\/2023\/12\/IHK-Ausbildungsbetrieb-Siegel_2024-250x185.jpg\" alt=\"\" width=\"250\" height=\"185\" srcset=\"https:\/\/www.trans-textil.de\/wp-content\/uploads\/2023\/12\/IHK-Ausbildungsbetrieb-Siegel_2024-250x185.jpg 250w, https:\/\/www.trans-textil.de\/wp-content\/uploads\/2023\/12\/IHK-Ausbildungsbetrieb-Siegel_2024-300x222.jpg 300w, https:\/\/www.trans-textil.de\/wp-content\/uploads\/2023\/12\/IHK-Ausbildungsbetrieb-Siegel_2024-243x180.jpg 243w, https:\/\/www.trans-textil.de\/wp-content\/uploads\/2023\/12\/IHK-Ausbildungsbetrieb-Siegel_2024-400x296.jpg 400w, https:\/\/www.trans-textil.de\/wp-content\/uploads\/2023\/12\/IHK-Ausbildungsbetrieb-Siegel_2024-405x300.jpg 405w, https:\/\/www.trans-textil.de\/wp-content\/uploads\/2023\/12\/IHK-Ausbildungsbetrieb-Siegel_2024-150x111.jpg 150w, https:\/\/www.trans-textil.de\/wp-content\/uploads\/2023\/12\/IHK-Ausbildungsbetrieb-Siegel_2024-200x148.jpg 200w, https:\/\/www.trans-textil.de\/wp-content\/uploads\/2023\/12\/IHK-Ausbildungsbetrieb-Siegel_2024-100x74.jpg 100w, https:\/\/www.trans-textil.de\/wp-content\/uploads\/2023\/12\/IHK-Ausbildungsbetrieb-Siegel_2024-120x89.jpg 120w, https:\/\/www.trans-textil.de\/wp-content\/uploads\/2023\/12\/IHK-Ausbildungsbetrieb-Siegel_2024-175x130.jpg 175w, https:\/\/www.trans-textil.de\/wp-content\/uploads\/2023\/12\/IHK-Ausbildungsbetrieb-Siegel_2024.jpg 500w\" sizes=\"auto, (max-width: 250px) 100vw, 250px\" \/><\/span><\/h4>\n<h4><span style=\"color: #00649e;\">Ausbildung bei Trans-Textil<\/span><\/h4>\n<h5>Ausbildungspl\u00e4tze 2024:<\/h5>\n<ul>\n<li>Produktveredler\/in Textil<\/li>\n<li>Maschinen- und Anlagenf\u00fchrer\/in Textil<\/li>\n<li>Textillaborant\/in<\/li>\n<li>Fachlagerist\/in<\/li>\n<li>Industriekaufmann\/\u00a0 frau<\/li>\n<\/ul>\n<p class=\"title2\"><a href=\"https:\/\/azubi.trans-textil.de\/\" target=\"_blank\" rel=\"noopener\">Mehr Infos \u00bb<\/a><\/p>\n<\/div><\/div><div class=\"w-separator size_medium with_line width_default thick_1 style_dashed color_secondary align_center\"><div class=\"w-separator-h\"><\/div><\/div><div class=\"w-image us_custom_27b0e32f align_none\"><a title=\"VAP\u00ae Know-How\" href=\"https:\/\/www.trans-textil.de\/anwendungen\/vap-know-how\/\" aria-label=\"vap_AB+TT_4c\" class=\"w-image-h\"><img decoding=\"async\" width=\"500\" height=\"177\" src=\"https:\/\/www.trans-textil.de\/wp-content\/uploads\/2021\/05\/vap_ABTT_4c.png\" class=\"attachment-full size-full\" alt=\"\" loading=\"lazy\" srcset=\"https:\/\/www.trans-textil.de\/wp-content\/uploads\/2021\/05\/vap_ABTT_4c.png 500w, https:\/\/www.trans-textil.de\/wp-content\/uploads\/2021\/05\/vap_ABTT_4c-300x106.png 300w, https:\/\/www.trans-textil.de\/wp-content\/uploads\/2021\/05\/vap_ABTT_4c-400x142.png 400w, https:\/\/www.trans-textil.de\/wp-content\/uploads\/2021\/05\/vap_ABTT_4c-150x53.png 150w, https:\/\/www.trans-textil.de\/wp-content\/uploads\/2021\/05\/vap_ABTT_4c-200x71.png 200w, https:\/\/www.trans-textil.de\/wp-content\/uploads\/2021\/05\/vap_ABTT_4c-100x35.png 100w, https:\/\/www.trans-textil.de\/wp-content\/uploads\/2021\/05\/vap_ABTT_4c-175x62.png 175w\" sizes=\"auto, (max-width: 500px) 100vw, 500px\" \/><\/a><\/div><div class=\"w-separator size_medium with_line width_default thick_1 style_dashed color_secondary align_center\"><div class=\"w-separator-h\"><\/div><\/div><\/div><\/div><\/div><\/div><\/div><\/section><section class=\"l-section wpb_row height_custom\"><div class=\"l-section-h i-cf\"><div class=\"g-cols vc_row via_flex valign_top type_default stacking_default\"><div class=\"vc_col-sm-12 wpb_column vc_column_container\"><div class=\"vc_column-inner\"><div class=\"wpb_wrapper\"><\/div><\/div><\/div><\/div><\/div><\/section>\n","protected":false},"excerpt":{"rendered":"Our Global Recycled Standard (GRS) certification covers membrane laminates, coating, finishing, transfer printing and further processing Products certified to the Global Recycled Standard contain recycled content that has been independently verified at each stage of the supply chain, from the source to the final product. In addition, social, environmental, and chemical criteria related to processing...","protected":false},"author":1,"featured_media":0,"parent":0,"menu_order":0,"comment_status":"closed","ping_status":"closed","template":"","meta":{"_acf_changed":false,"footnotes":""},"class_list":["post-12924","page","type-page","status-publish","hentry"],"acf":[],"yoast_head":"<!-- This site is optimized with the Yoast SEO plugin v27.5 - https:\/\/yoast.com\/product\/yoast-seo-wordpress\/ -->\n<title>Home Covestro - Trans-Textil GmbH<\/title>\n<meta name=\"robots\" content=\"index, follow, max-snippet:-1, max-image-preview:large, max-video-preview:-1\" \/>\n<link rel=\"canonical\" href=\"https:\/\/www.trans-textil.de\/en\/home_covestro\/\" \/>\n<meta property=\"og:locale\" content=\"en_US\" \/>\n<meta property=\"og:type\" content=\"article\" \/>\n<meta property=\"og:title\" content=\"Home Covestro - Trans-Textil GmbH\" \/>\n<meta property=\"og:url\" content=\"https:\/\/www.trans-textil.de\/en\/home_covestro\/\" \/>\n<meta property=\"og:site_name\" content=\"Trans-Textil GmbH\" \/>\n<meta property=\"og:image\" content=\"https:\/\/www.trans-textil.de\/wp-content\/uploads\/2021\/02\/tt_made-in-germany_farbig_print-400x40.png\" \/>\n<meta name=\"twitter:card\" content=\"summary_large_image\" \/>\n<meta name=\"twitter:label1\" content=\"Est. reading time\" \/>\n\t<meta name=\"twitter:data1\" content=\"7 minutes\" \/>\n<script type=\"application\/ld+json\" class=\"yoast-schema-graph\">{\"@context\":\"https:\\\/\\\/schema.org\",\"@graph\":[{\"@type\":\"WebPage\",\"@id\":\"https:\\\/\\\/www.trans-textil.de\\\/en\\\/home_covestro\\\/\",\"url\":\"https:\\\/\\\/www.trans-textil.de\\\/en\\\/home_covestro\\\/\",\"name\":\"Home Covestro - Trans-Textil GmbH\",\"isPartOf\":{\"@id\":\"https:\\\/\\\/www.trans-textil.de\\\/en\\\/#website\"},\"primaryImageOfPage\":{\"@id\":\"https:\\\/\\\/www.trans-textil.de\\\/en\\\/home_covestro\\\/#primaryimage\"},\"image\":{\"@id\":\"https:\\\/\\\/www.trans-textil.de\\\/en\\\/home_covestro\\\/#primaryimage\"},\"thumbnailUrl\":\"https:\\\/\\\/www.trans-textil.de\\\/wp-content\\\/uploads\\\/2021\\\/02\\\/tt_made-in-germany_farbig_print-400x40.png\",\"datePublished\":\"2023-12-18T21:52:40+00:00\",\"breadcrumb\":{\"@id\":\"https:\\\/\\\/www.trans-textil.de\\\/en\\\/home_covestro\\\/#breadcrumb\"},\"inLanguage\":\"en-US\",\"potentialAction\":[{\"@type\":\"ReadAction\",\"target\":[\"https:\\\/\\\/www.trans-textil.de\\\/en\\\/home_covestro\\\/\"]}]},{\"@type\":\"ImageObject\",\"inLanguage\":\"en-US\",\"@id\":\"https:\\\/\\\/www.trans-textil.de\\\/en\\\/home_covestro\\\/#primaryimage\",\"url\":\"https:\\\/\\\/www.trans-textil.de\\\/wp-content\\\/uploads\\\/2021\\\/02\\\/tt_made-in-germany_farbig_print-400x40.png\",\"contentUrl\":\"https:\\\/\\\/www.trans-textil.de\\\/wp-content\\\/uploads\\\/2021\\\/02\\\/tt_made-in-germany_farbig_print-400x40.png\"},{\"@type\":\"BreadcrumbList\",\"@id\":\"https:\\\/\\\/www.trans-textil.de\\\/en\\\/home_covestro\\\/#breadcrumb\",\"itemListElement\":[{\"@type\":\"ListItem\",\"position\":1,\"name\":\"Startseite\",\"item\":\"https:\\\/\\\/www.trans-textil.de\\\/en\\\/\"},{\"@type\":\"ListItem\",\"position\":2,\"name\":\"Home Covestro\"}]},{\"@type\":\"WebSite\",\"@id\":\"https:\\\/\\\/www.trans-textil.de\\\/en\\\/#website\",\"url\":\"https:\\\/\\\/www.trans-textil.de\\\/en\\\/\",\"name\":\"Trans-Textil GmbH\",\"description\":\"Der Spezialist f\u00fcr Lamination, Beschichtung, Transferdruck und Funktionstextilien, medizinische Mehrweg-Produkte\",\"publisher\":{\"@id\":\"https:\\\/\\\/www.trans-textil.de\\\/en\\\/#organization\"},\"potentialAction\":[{\"@type\":\"SearchAction\",\"target\":{\"@type\":\"EntryPoint\",\"urlTemplate\":\"https:\\\/\\\/www.trans-textil.de\\\/en\\\/?s={search_term_string}\"},\"query-input\":{\"@type\":\"PropertyValueSpecification\",\"valueRequired\":true,\"valueName\":\"search_term_string\"}}],\"inLanguage\":\"en-US\"},{\"@type\":\"Organization\",\"@id\":\"https:\\\/\\\/www.trans-textil.de\\\/en\\\/#organization\",\"name\":\"Trans-Textil GmbH\",\"url\":\"https:\\\/\\\/www.trans-textil.de\\\/en\\\/\",\"logo\":{\"@type\":\"ImageObject\",\"inLanguage\":\"en-US\",\"@id\":\"https:\\\/\\\/www.trans-textil.de\\\/en\\\/#\\\/schema\\\/logo\\\/image\\\/\",\"url\":\"https:\\\/\\\/www.trans-textil.de\\\/wp-content\\\/uploads\\\/2021\\\/02\\\/tt_logo_web_small.png\",\"contentUrl\":\"https:\\\/\\\/www.trans-textil.de\\\/wp-content\\\/uploads\\\/2021\\\/02\\\/tt_logo_web_small.png\",\"width\":300,\"height\":180,\"caption\":\"Trans-Textil GmbH\"},\"image\":{\"@id\":\"https:\\\/\\\/www.trans-textil.de\\\/en\\\/#\\\/schema\\\/logo\\\/image\\\/\"}}]}<\/script>\n<!-- \/ Yoast SEO plugin. -->","yoast_head_json":{"title":"Home Covestro - Trans-Textil GmbH","robots":{"index":"index","follow":"follow","max-snippet":"max-snippet:-1","max-image-preview":"max-image-preview:large","max-video-preview":"max-video-preview:-1"},"canonical":"https:\/\/www.trans-textil.de\/en\/home_covestro\/","og_locale":"en_US","og_type":"article","og_title":"Home Covestro - Trans-Textil GmbH","og_url":"https:\/\/www.trans-textil.de\/en\/home_covestro\/","og_site_name":"Trans-Textil GmbH","og_image":[{"url":"https:\/\/www.trans-textil.de\/wp-content\/uploads\/2021\/02\/tt_made-in-germany_farbig_print-400x40.png","type":"","width":"","height":""}],"twitter_card":"summary_large_image","twitter_misc":{"Est. reading time":"7 minutes"},"schema":{"@context":"https:\/\/schema.org","@graph":[{"@type":"WebPage","@id":"https:\/\/www.trans-textil.de\/en\/home_covestro\/","url":"https:\/\/www.trans-textil.de\/en\/home_covestro\/","name":"Home Covestro - Trans-Textil GmbH","isPartOf":{"@id":"https:\/\/www.trans-textil.de\/en\/#website"},"primaryImageOfPage":{"@id":"https:\/\/www.trans-textil.de\/en\/home_covestro\/#primaryimage"},"image":{"@id":"https:\/\/www.trans-textil.de\/en\/home_covestro\/#primaryimage"},"thumbnailUrl":"https:\/\/www.trans-textil.de\/wp-content\/uploads\/2021\/02\/tt_made-in-germany_farbig_print-400x40.png","datePublished":"2023-12-18T21:52:40+00:00","breadcrumb":{"@id":"https:\/\/www.trans-textil.de\/en\/home_covestro\/#breadcrumb"},"inLanguage":"en-US","potentialAction":[{"@type":"ReadAction","target":["https:\/\/www.trans-textil.de\/en\/home_covestro\/"]}]},{"@type":"ImageObject","inLanguage":"en-US","@id":"https:\/\/www.trans-textil.de\/en\/home_covestro\/#primaryimage","url":"https:\/\/www.trans-textil.de\/wp-content\/uploads\/2021\/02\/tt_made-in-germany_farbig_print-400x40.png","contentUrl":"https:\/\/www.trans-textil.de\/wp-content\/uploads\/2021\/02\/tt_made-in-germany_farbig_print-400x40.png"},{"@type":"BreadcrumbList","@id":"https:\/\/www.trans-textil.de\/en\/home_covestro\/#breadcrumb","itemListElement":[{"@type":"ListItem","position":1,"name":"Startseite","item":"https:\/\/www.trans-textil.de\/en\/"},{"@type":"ListItem","position":2,"name":"Home Covestro"}]},{"@type":"WebSite","@id":"https:\/\/www.trans-textil.de\/en\/#website","url":"https:\/\/www.trans-textil.de\/en\/","name":"Trans-Textil GmbH","description":"Der Spezialist f\u00fcr Lamination, Beschichtung, Transferdruck und Funktionstextilien, medizinische Mehrweg-Produkte","publisher":{"@id":"https:\/\/www.trans-textil.de\/en\/#organization"},"potentialAction":[{"@type":"SearchAction","target":{"@type":"EntryPoint","urlTemplate":"https:\/\/www.trans-textil.de\/en\/?s={search_term_string}"},"query-input":{"@type":"PropertyValueSpecification","valueRequired":true,"valueName":"search_term_string"}}],"inLanguage":"en-US"},{"@type":"Organization","@id":"https:\/\/www.trans-textil.de\/en\/#organization","name":"Trans-Textil GmbH","url":"https:\/\/www.trans-textil.de\/en\/","logo":{"@type":"ImageObject","inLanguage":"en-US","@id":"https:\/\/www.trans-textil.de\/en\/#\/schema\/logo\/image\/","url":"https:\/\/www.trans-textil.de\/wp-content\/uploads\/2021\/02\/tt_logo_web_small.png","contentUrl":"https:\/\/www.trans-textil.de\/wp-content\/uploads\/2021\/02\/tt_logo_web_small.png","width":300,"height":180,"caption":"Trans-Textil GmbH"},"image":{"@id":"https:\/\/www.trans-textil.de\/en\/#\/schema\/logo\/image\/"}}]}},"_links":{"self":[{"href":"https:\/\/www.trans-textil.de\/en\/wp-json\/wp\/v2\/pages\/12924","targetHints":{"allow":["GET"]}}],"collection":[{"href":"https:\/\/www.trans-textil.de\/en\/wp-json\/wp\/v2\/pages"}],"about":[{"href":"https:\/\/www.trans-textil.de\/en\/wp-json\/wp\/v2\/types\/page"}],"author":[{"embeddable":true,"href":"https:\/\/www.trans-textil.de\/en\/wp-json\/wp\/v2\/users\/1"}],"replies":[{"embeddable":true,"href":"https:\/\/www.trans-textil.de\/en\/wp-json\/wp\/v2\/comments?post=12924"}],"version-history":[{"count":0,"href":"https:\/\/www.trans-textil.de\/en\/wp-json\/wp\/v2\/pages\/12924\/revisions"}],"wp:attachment":[{"href":"https:\/\/www.trans-textil.de\/en\/wp-json\/wp\/v2\/media?parent=12924"}],"curies":[{"name":"wp","href":"https:\/\/api.w.org\/{rel}","templated":true}]}}